{"id":9,"date":"2019-01-02T17:58:13","date_gmt":"2019-01-02T17:58:13","guid":{"rendered":"http:\/\/ferienwohnung-lammerberg.de\/?page_id=9"},"modified":"2019-01-02T19:04:07","modified_gmt":"2019-01-02T19:04:07","slug":"datenschutzerklaerung","status":"publish","type":"page","link":"https:\/\/ferienwohnung-lammerberg.de\/?page_id=9","title":{"rendered":"Datenschutzerkl\u00e4rung"},"content":{"rendered":"\n<p>Diese Datenschutzerkl\u00e4rung kl\u00e4rt Sie \u00fcber\ndie Art, den Umfang und Zweck der Verarbeitung von personenbezogenen Daten\n(nachfolgend kurz \u201eDaten\u201c) innerhalb unseres Onlineangebotes und der mit ihm\nverbundenen Webseiten, Funktionen und Inhalte sowie externen Onlinepr\u00e4senzen,\nwie z.B. unser Social Media Profile auf. (nachfolgend gemeinsam bezeichnet als\n\u201eOnlineangebot\u201c). Im Hinblick auf die verwendeten Begrifflichkeiten, wie z.B.\n\u201eVerarbeitung\u201c oder \u201eVerantwortlicher\u201c verweisen wir auf die Definitionen im\nArt. 4 der Datenschutzgrundverordnung (DSGVO).<\/p>\n\n\n\n<p><strong>Verantwortlicher<\/strong><\/p>\n\n\n\n<p>Nadja Wittmann<br>\nFerienwohnung Lammerberg<br>\nLammerbergstr. 27<br>\n72461 Albstadt \/ Deutschland<br>\nE-Mailadresse: info@ferienwohnung-lammerberg.de<br>\nLink zum Impressum: http:\/\/ferienwohnung-lammerberg.de<\/p>\n\n\n\n<p><strong>Arten der verarbeiteten Daten:<\/strong><\/p>\n\n\n\n<p>&#8211; Bestandsdaten (z.B., Namen, Adressen).<br>\n&#8211; Kontaktdaten (z.B., E-Mail, Telefonnummern).<br>\n&#8211; Inhaltsdaten (z.B., Texteingaben, Fotografien, Videos).<br>\n&#8211; Nutzungsdaten (z.B., besuchte Webseiten, Interesse an Inhalten,\nZugriffszeiten).<br>\n&#8211; Meta-\/Kommunikationsdaten (z.B., Ger\u00e4te-Informationen, IP-Adressen).<\/p>\n\n\n\n<p><strong>Zweck der Verarbeitung<\/strong><\/p>\n\n\n\n<p>&#8211; Zurverf\u00fcgungstellung des\nOnlineangebotes, seiner Funktionen und Inhalte.<br>\n&#8211; Beantwortung von Kontaktanfragen und Kommunikation mit Nutzern.<br>\n&#8211; Sicherheitsma\u00dfnahmen.<br>\n&#8211; Reichweitenmessung\/Marketing<\/p>\n\n\n\n<p><strong>Verwendete Begrifflichkeiten<\/strong><\/p>\n\n\n\n<p>\u201ePersonenbezogene Daten\u201c sind alle\nInformationen, die sich auf eine identifizierte oder identifizierbare\nnat\u00fcrliche Person (im Folgenden \u201ebetroffene Person\u201c) beziehen; als\nidentifizierbar wird eine nat\u00fcrliche Person angesehen, die direkt oder\nindirekt, insbesondere mittels Zuordnung zu einer Kennung wie einem Namen, zu\neiner Kennnummer, zu Standortdaten, zu einer Online-Kennung (z.B. Cookie) oder\nzu einem oder mehreren besonderen Merkmalen identifiziert werden kann, die\nAusdruck der physischen, physiologischen, genetischen, psychischen,\nwirtschaftlichen, kulturellen oder sozialen Identit\u00e4t dieser nat\u00fcrlichen Person\nsind.<br>\n<br>\n\u201eVerarbeitung\u201c ist jeder mit oder ohne Hilfe automatisierter Verfahren ausgef\u00fchrten\nVorgang oder jede solche Vorgangsreihe im Zusammenhang mit personenbezogenen\nDaten. Der Begriff reicht weit und umfasst praktisch jeden Umgang mit Daten.<br>\n<br>\nAls \u201eVerantwortlicher\u201c wird die nat\u00fcrliche oder juristische Person, Beh\u00f6rde,\nEinrichtung oder andere Stelle, die allein oder gemeinsam mit anderen \u00fcber die\nZwecke und Mittel der Verarbeitung von personenbezogenen Daten entscheidet,\nbezeichnet.<\/p>\n\n\n\n<p><strong>Ma\u00dfgebliche Rechtsgrundlagen<\/strong><\/p>\n\n\n\n<p>Nach Ma\u00dfgabe des Art. 13 DSGVO teilen wir\nIhnen die Rechtsgrundlagen unserer Datenverarbeitungen mit. Sofern die\nRechtsgrundlage in der Datenschutzerkl\u00e4rung nicht genannt wird, gilt Folgendes:\nDie Rechtsgrundlage f\u00fcr die Einholung von Einwilligungen ist Art. 6 Abs. 1 lit.\na und Art. 7 DSGVO, die Rechtsgrundlage f\u00fcr die Verarbeitung zur Erf\u00fcllung\nunserer Leistungen und Durchf\u00fchrung vertraglicher Ma\u00dfnahmen sowie Beantwortung\nvon Anfragen ist Art. 6 Abs. 1 lit. b DSGVO, die Rechtsgrundlage f\u00fcr die\nVerarbeitung zur Erf\u00fcllung unserer rechtlichen Verpflichtungen ist Art. 6 Abs.\n1 lit. c DSGVO, und die Rechtsgrundlage f\u00fcr die Verarbeitung zur Wahrung\nunserer berechtigten Interessen ist Art. 6 Abs. 1 lit. f DSGVO. F\u00fcr den Fall,\ndass lebenswichtige Interessen der betroffenen Person oder einer anderen\nnat\u00fcrlichen Person eine Verarbeitung personenbezogener Daten erforderlich\nmachen, dient Art. 6 Abs. 1 lit. d DSGVO als Rechtsgrundlage.<\/p>\n\n\n\n<p><strong>Sicherheitsma\u00dfnahmen<\/strong><\/p>\n\n\n\n<p>Wir bitten Sie sich regelm\u00e4\u00dfig \u00fcber den\nInhalt unserer Datenschutzerkl\u00e4rung zu informieren. Wir passen die Datenschutzerkl\u00e4rung\nan, sobald die \u00c4nderungen der von uns durchgef\u00fchrten Datenverarbeitungen dies\nerforderlich machen. Wir informieren Sie, sobald durch die \u00c4nderungen eine\nMitwirkungshandlung Ihrerseits (z.B. Einwilligung) oder eine sonstige\nindividuelle Benachrichtigung erforderlich wird.<\/p>\n\n\n\n<p><strong>Zusammenarbeit mit Auftragsverarbeitern\nund Dritten<\/strong><\/p>\n\n\n\n<p>Sofern wir im Rahmen unserer Verarbeitung\nDaten gegen\u00fcber anderen Personen und Unternehmen (Auftragsverarbeitern oder\nDritten) offenbaren, sie an diese \u00fcbermitteln oder ihnen sonst Zugriff auf die\nDaten gew\u00e4hren, erfolgt dies nur auf Grundlage einer gesetzlichen Erlaubnis\n(z.B. wenn eine \u00dcbermittlung der Daten an Dritte, wie an Zahlungsdienstleister,\ngem. Art. 6 Abs. 1 lit. b DSGVO zur Vertragserf\u00fcllung erforderlich ist), Sie\neingewilligt haben, eine rechtliche Verpflichtung dies vorsieht oder auf\nGrundlage unserer berechtigten Interessen (z.B. beim Einsatz von Beauftragten,\nWebhostern, etc.). <br>\n<br>\nSofern wir Dritte mit der Verarbeitung von Daten auf Grundlage eines sog. \u201eAuftragsverarbeitungsvertrages\u201c\nbeauftragen, geschieht dies auf Grundlage des Art. 28 DSGVO.<\/p>\n\n\n\n<p><strong>\u00dcbermittlungen in Drittl\u00e4nder<\/strong><\/p>\n\n\n\n<p>Sofern wir Daten in einem Drittland (d.h.\nau\u00dferhalb der Europ\u00e4ischen Union (EU) oder des Europ\u00e4ischen Wirtschaftsraums\n(EWR)) verarbeiten oder dies im Rahmen der Inanspruchnahme von Diensten Dritter\noder Offenlegung, bzw. \u00dcbermittlung von Daten an Dritte geschieht, erfolgt dies\nnur, wenn es zur Erf\u00fcllung unserer (vor)vertraglichen Pflichten, auf Grundlage\nIhrer Einwilligung, aufgrund einer rechtlichen Verpflichtung oder auf Grundlage\nunserer berechtigten Interessen geschieht. Vorbehaltlich gesetzlicher oder\nvertraglicher Erlaubnisse, verarbeiten oder lassen wir die Daten in einem\nDrittland nur beim Vorliegen der besonderen Voraussetzungen der Art. 44 ff.\nDSGVO verarbeiten. D.h. die Verarbeitung erfolgt z.B. auf Grundlage besonderer\nGarantien, wie der offiziell anerkannten Feststellung eines der EU\nentsprechenden Datenschutzniveaus (z.B. f\u00fcr die USA durch das \u201ePrivacy Shield\u201c)\noder Beachtung offiziell anerkannter spezieller vertraglicher Verpflichtungen\n(so genannte \u201eStandardvertragsklauseln\u201c).<\/p>\n\n\n\n<p><strong>Rechte der betroffenen Personen<\/strong><\/p>\n\n\n\n<p>Sie haben das Recht, eine Best\u00e4tigung\ndar\u00fcber zu verlangen, ob betreffende Daten verarbeitet werden und auf Auskunft \u00fcber\ndiese Daten sowie auf weitere Informationen und Kopie der Daten entsprechend\nArt. 15 DSGVO.<br>\n<br>\nSie haben entsprechend. Art. 16 DSGVO das Recht, die Vervollst\u00e4ndigung der Sie\nbetreffenden Daten oder die Berichtigung der Sie betreffenden unrichtigen Daten\nzu verlangen.<br>\n<br>\nSie haben nach Ma\u00dfgabe des Art. 17 DSGVO das Recht zu verlangen, dass\nbetreffende Daten unverz\u00fcglich gel\u00f6scht werden, bzw. alternativ nach Ma\u00dfgabe\ndes Art. 18 DSGVO eine Einschr\u00e4nkung der Verarbeitung der Daten zu verlangen.<br>\n<br>\nSie haben das Recht zu verlangen, dass die Sie betreffenden Daten, die Sie uns\nbereitgestellt haben nach Ma\u00dfgabe des Art. 20 DSGVO zu erhalten und deren\n\u00dcbermittlung an andere Verantwortliche zu fordern. <br>\n<br>\nSie haben ferner gem. Art. 77 DSGVO das Recht, eine Beschwerde bei der\nzust\u00e4ndigen Aufsichtsbeh\u00f6rde einzureichen.<\/p>\n\n\n\n<p><strong>Widerrufsrecht<\/strong><\/p>\n\n\n\n<p>Sie haben das Recht, erteilte\nEinwilligungen gem. Art. 7 Abs. 3 DSGVO mit Wirkung f\u00fcr die Zukunft zu\nwiderrufen<\/p>\n\n\n\n<p><strong>Widerspruchsrecht<\/strong><\/p>\n\n\n\n<p>Sie k\u00f6nnen der k\u00fcnftigen Verarbeitung der\nSie betreffenden Daten nach Ma\u00dfgabe des Art. 21 DSGVO jederzeit widersprechen.\nDer Widerspruch kann insbesondere gegen die Verarbeitung f\u00fcr Zwecke der\nDirektwerbung erfolgen.<\/p>\n\n\n\n<p><strong>Cookies und Widerspruchsrecht bei\nDirektwerbung<\/strong><\/p>\n\n\n\n<p>Als \u201eCookies\u201c werden kleine Dateien\nbezeichnet, die auf Rechnern der Nutzer gespeichert werden. Innerhalb der\nCookies k\u00f6nnen unterschiedliche Angaben gespeichert werden. Ein Cookie dient\nprim\u00e4r dazu, die Angaben zu einem Nutzer (bzw. dem Ger\u00e4t auf dem das Cookie\ngespeichert ist) w\u00e4hrend oder auch nach seinem Besuch innerhalb eines\nOnlineangebotes zu speichern. Als tempor\u00e4re Cookies, bzw. \u201eSession-Cookies\u201c\noder \u201etransiente Cookies\u201c, werden Cookies bezeichnet, die gel\u00f6scht werden,\nnachdem ein Nutzer ein Onlineangebot verl\u00e4sst und seinen Browser schlie\u00dft. In einem\nsolchen Cookie kann z.B. der Inhalt eines Warenkorbs in einem Onlineshop oder\nein Login-Staus gespeichert werden. Als \u201epermanent\u201c oder \u201epersistent\u201c werden\nCookies bezeichnet, die auch nach dem Schlie\u00dfen des Browsers gespeichert\nbleiben. So kann z.B. der Login-Status gespeichert werden, wenn die Nutzer\ndiese nach mehreren Tagen aufsuchen. Ebenso k\u00f6nnen in einem solchen Cookie die\nInteressen der Nutzer gespeichert werden, die f\u00fcr Reichweitenmessung oder\nMarketingzwecke verwendet werden. Als \u201eThird-Party-Cookie\u201c werden Cookies\nbezeichnet, die von anderen Anbietern als dem Verantwortlichen, der das\nOnlineangebot betreibt, angeboten werden (andernfalls, wenn es nur dessen\nCookies sind spricht man von \u201eFirst-Party Cookies\u201c).<br>\n<br>\nWir k\u00f6nnen tempor\u00e4re und permanente Cookies einsetzen und kl\u00e4ren hier\u00fcber im\nRahmen unserer Datenschutzerkl\u00e4rung auf.<br>\n<br>\nFalls die Nutzer nicht m\u00f6chten, dass Cookies auf ihrem Rechner gespeichert\nwerden, werden sie gebeten die entsprechende Option in den Systemeinstellungen\nihres Browsers zu deaktivieren. Gespeicherte Cookies k\u00f6nnen in den\nSystemeinstellungen des Browsers gel\u00f6scht werden. Der Ausschluss von Cookies\nkann zu Funktionseinschr\u00e4nkungen dieses Onlineangebotes f\u00fchren.<br>\n<br>\nEin genereller Widerspruch gegen den Einsatz der zu Zwecken des Onlinemarketing\neingesetzten Cookies kann bei einer Vielzahl der Dienste, vor allem im Fall des\nTrackings, \u00fcber die US-amerikanische Seite <a href=\"http:\/\/www.aboutads.info\/choices\/\">http:\/\/www.aboutads.info\/choices\/<\/a>\noder die EU-Seite <a href=\"http:\/\/www.youronlinechoices.com\/\">http:\/\/www.youronlinechoices.com\/<\/a> erkl\u00e4rt\nwerden. Des Weiteren kann die Speicherung von Cookies mittels deren Abschaltung\nin den Einstellungen des Browsers erreicht werden. Bitte beachten Sie, dass\ndann gegebenenfalls nicht alle Funktionen dieses Onlineangebotes genutzt werden\nk\u00f6nnen.<\/p>\n\n\n\n<p><strong>L\u00f6schung von Daten<\/strong><\/p>\n\n\n\n<p>Die von uns verarbeiteten Daten werden\nnach Ma\u00dfgabe der Art. 17 und 18 DSGVO gel\u00f6scht oder in ihrer Verarbeitung\neingeschr\u00e4nkt. Sofern nicht im Rahmen dieser Datenschutzerkl\u00e4rung ausdr\u00fccklich\nangegeben, werden die bei uns gespeicherten Daten gel\u00f6scht, sobald sie f\u00fcr ihre\nZweckbestimmung nicht mehr erforderlich sind und der L\u00f6schung keine\ngesetzlichen Aufbewahrungspflichten entgegenstehen. Sofern die Daten nicht\ngel\u00f6scht werden, weil sie f\u00fcr andere und gesetzlich zul\u00e4ssige Zwecke\nerforderlich sind, wird deren Verarbeitung eingeschr\u00e4nkt. D.h. die Daten werden\ngesperrt und nicht f\u00fcr andere Zwecke verarbeitet. Das gilt z.B. f\u00fcr Daten, die\naus handels- oder steuerrechtlichen Gr\u00fcnden aufbewahrt werden m\u00fcssen.<br>\n<br>\nNach gesetzlichen Vorgaben in Deutschland erfolgt die Aufbewahrung insbesondere\nf\u00fcr 6 Jahre gem\u00e4\u00df \u00a7 257 Abs. 1 HGB (Handelsb\u00fccher, Inventare,\nEr\u00f6ffnungsbilanzen, Jahresabschl\u00fcsse, Handelsbriefe, Buchungsbelege, etc.)\nsowie f\u00fcr 10 Jahre gem\u00e4\u00df \u00a7 147 Abs. 1 AO (B\u00fccher, Aufzeichnungen, Lageberichte,\nBuchungsbelege, Handels- und Gesch\u00e4ftsbriefe, F\u00fcr Besteuerung relevante\nUnterlagen, etc.). <br>\n<br>\nNach gesetzlichen Vorgaben in \u00d6sterreich erfolgt die Aufbewahrung insbesondere\nf\u00fcr 7 J gem\u00e4\u00df \u00a7 132 Abs. 1 BAO (Buchhaltungsunterlagen, Belege\/Rechnungen,\nKonten, Belege, Gesch\u00e4ftspapiere, Aufstellung der Einnahmen und Ausgaben,\netc.), f\u00fcr 22 Jahre im Zusammenhang mit Grundst\u00fccken und f\u00fcr 10 Jahre bei\nUnterlagen im Zusammenhang mit elektronisch erbrachten Leistungen,\nTelekommunikations-, Rundfunk- und Fernsehleistungen, die an Nichtunternehmer\nin EU-Mitgliedstaaten erbracht werden und f\u00fcr die der Mini-One-Stop-Shop (MOSS)\nin Anspruch genommen wird.<\/p>\n\n\n\n<p><strong>Hosting<\/strong><\/p>\n\n\n\n<p>Die von uns in Anspruch genommenen\nHosting-Leistungen dienen der Zurverf\u00fcgungstellung der folgenden Leistungen:\nInfrastruktur- und Plattformdienstleistungen, Rechenkapazit\u00e4t, Speicherplatz\nund Datenbankdienste, Sicherheitsleistungen sowie technische Wartungsleistungen,\ndie wir zum Zwecke des Betriebs dieses Onlineangebotes einsetzen. <br>\n<br>\nHierbei verarbeiten wir, bzw. unser Hostinganbieter Bestandsdaten,\nKontaktdaten, Inhaltsdaten, Vertragsdaten, Nutzungsdaten, Meta- und\nKommunikationsdaten von Kunden, Interessenten und Besuchern dieses\nOnlineangebotes auf Grundlage unserer berechtigten Interessen an einer\neffizienten und sicheren Zurverf\u00fcgungstellung dieses Onlineangebotes gem. Art.\n6 Abs. 1 lit. f DSGVO i.V.m. Art. 28 DSGVO (Abschluss\nAuftragsverarbeitungsvertrag).<\/p>\n\n\n\n<p><strong>Erhebung von Zugriffsdaten und Logfiles<\/strong><\/p>\n\n\n\n<p>Wir, bzw. unser Hostinganbieter, erhebt\nauf Grundlage unserer berechtigten Interessen im Sinne des Art. 6 Abs. 1 lit.\nf. DSGVO Daten \u00fcber jeden Zugriff auf den Server, auf dem sich dieser Dienst\nbefindet (sogenannte Serverlogfiles). Zu den Zugriffsdaten geh\u00f6ren Name der\nabgerufenen Webseite, Datei, Datum und Uhrzeit des Abrufs, \u00fcbertragene\nDatenmenge, Meldung \u00fcber erfolgreichen Abruf, Browsertyp nebst Version, das\nBetriebssystem des Nutzers, Referrer URL (die zuvor besuchte Seite), IP-Adresse\nund der anfragende Provider.<br>\n<br>\nLogfile-Informationen werden aus Sicherheitsgr\u00fcnden (z.B. zur Aufkl\u00e4rung von\nMissbrauchs- oder Betrugshandlungen) f\u00fcr die Dauer von maximal 7 Tagen\ngespeichert und danach gel\u00f6scht. Daten, deren weitere Aufbewahrung zu\nBeweiszwecken erforderlich ist, sind bis zur endg\u00fcltigen Kl\u00e4rung des jeweiligen\nVorfalls von der L\u00f6schung ausgenommen.<\/p>\n\n\n\n<p><strong>Kontaktaufnahme<\/strong><\/p>\n\n\n\n<p>Bei der Kontaktaufnahme mit uns (z.B. per\nKontaktformular, E-Mail, Telefon oder via sozialer Medien) werden die Angaben\ndes Nutzers zur Bearbeitung der Kontaktanfrage und deren Abwicklung gem. Art. 6\nAbs. 1 lit. b) DSGVO verarbeitet. Die Angaben der Nutzer k\u00f6nnen in einem\nCustomer-Relationship-Management System (&#8222;CRM System&#8220;) oder\nvergleichbarer Anfragenorganisation gespeichert werden.<br>\n<br>\nWir l\u00f6schen die Anfragen, sofern diese nicht mehr erforderlich sind. Wir\n\u00fcberpr\u00fcfen die Erforderlichkeit alle zwei Jahre; Ferner gelten die gesetzlichen\nArchivierungspflichten.<\/p>\n\n\n\n<p><strong>Google Maps<\/strong><\/p>\n\n\n\n<p>Wir binden die Landkarten des Dienstes\n\u201cGoogle Maps\u201d des Anbieters Google LLC, 1600 Amphitheatre Parkway, Mountain\nView, CA 94043, USA, ein. Zu den verarbeiteten Daten k\u00f6nnen insbesondere\nIP-Adressen und Standortdaten der Nutzer geh\u00f6ren, die jedoch nicht ohne deren\nEinwilligung (im Regelfall im Rahmen der Einstellungen ihrer Mobilger\u00e4te\nvollzogen), erhoben werden. Die Daten k\u00f6nnen in den USA verarbeitet werden.\nDatenschutzerkl\u00e4rung: <a href=\"https:\/\/www.google.com\/policies\/privacy\/\" target=\"_blank\" rel=\"noreferrer noopener\">https:\/\/www.google.com\/policies\/privacy\/<\/a>,\nOpt-Out: <a href=\"https:\/\/adssettings.google.com\/authenticated\" target=\"_blank\" rel=\"noreferrer noopener\">https:\/\/adssettings.google.com\/authenticated<\/a>.<a href=\"https:\/\/datenschutz-generator.de\/\" target=\"_blank\" rel=\"noreferrer noopener\">Erstellt mit Datenschutz-Generator.de von RA Dr. Thomas\nSchwenke<\/a><\/p>\n","protected":false},"excerpt":{"rendered":"<p>Diese Datenschutzerkl\u00e4rung kl\u00e4rt Sie \u00fcber die Art, den Umfang und Zweck der Verarbeitung von personenbezogenen Daten (nachfolgend kurz \u201eDaten\u201c) innerhalb unseres Onlineangebotes und der mit ihm verbundenen Webseiten, Funktionen und Inhalte sowie externen Onlinepr\u00e4senzen, wie z.B. unser Social Media Profile auf. (nachfolgend gemeinsam bezeichnet als \u201eOnlineangebot\u201c). Im Hinblick auf die verwendeten Begrifflichkeiten, wie z.B. \u201eVerarbeitung\u201c &hellip; <\/p>\n<p class=\"link-more\"><a href=\"https:\/\/ferienwohnung-lammerberg.de\/?page_id=9\" class=\"more-link\"><span class=\"screen-reader-text\">\u201eDatenschutzerkl\u00e4rung\u201c<\/span> weiterlesen<\/a><\/p>\n","protected":false},"author":1,"featured_media":0,"parent":0,"menu_order":0,"comment_status":"closed","ping_status":"closed","template":"","meta":{"footnotes":""},"class_list":["post-9","page","type-page","status-publish","hentry"],"_links":{"self":[{"href":"https:\/\/ferienwohnung-lammerberg.de\/index.php?rest_route=\/wp\/v2\/pages\/9","targetHints":{"allow":["GET"]}}],"collection":[{"href":"https:\/\/ferienwohnung-lammerberg.de\/index.php?rest_route=\/wp\/v2\/pages"}],"about":[{"href":"https:\/\/ferienwohnung-lammerberg.de\/index.php?rest_route=\/wp\/v2\/types\/page"}],"author":[{"embeddable":true,"href":"https:\/\/ferienwohnung-lammerberg.de\/index.php?rest_route=\/wp\/v2\/users\/1"}],"replies":[{"embeddable":true,"href":"https:\/\/ferienwohnung-lammerberg.de\/index.php?rest_route=%2Fwp%2Fv2%2Fcomments&post=9"}],"version-history":[{"count":3,"href":"https:\/\/ferienwohnung-lammerberg.de\/index.php?rest_route=\/wp\/v2\/pages\/9\/revisions"}],"predecessor-version":[{"id":124,"href":"https:\/\/ferienwohnung-lammerberg.de\/index.php?rest_route=\/wp\/v2\/pages\/9\/revisions\/124"}],"wp:attachment":[{"href":"https:\/\/ferienwohnung-lammerberg.de\/index.php?rest_route=%2Fwp%2Fv2%2Fmedia&parent=9"}],"curies":[{"name":"wp","href":"https:\/\/api.w.org\/{rel}","templated":true}]}}